{"id":5966,"date":"2023-01-18T11:03:15","date_gmt":"2023-01-18T10:03:15","guid":{"rendered":"http:\/\/web.farmermobil.com\/testimonials\/ferme-daventure-schmid\/"},"modified":"2023-02-05T12:47:44","modified_gmt":"2023-02-05T11:47:44","slug":"ferme-daventure-schmid","status":"publish","type":"testimonials","link":"https:\/\/farmermobil.com\/fr\/testimonials\/ferme-daventure-schmid\/","title":{"rendered":"Ferme d&rsquo;aventure Schmid"},"content":{"rendered":"\n<p>Le STARTER-plus combine un logement mobile respectueux des animaux et \u00e9conome en main-d&rsquo;\u0153uvre avec des dimensions compactes. Cela signifie que des zones encore plus petites peuvent \u00eatre atteintes et utilis\u00e9es avec la stalle.<\/p>\n","protected":false},"featured_media":5705,"template":"","class_list":["post-5966","testimonials","type-testimonials","status-publish","has-post-thumbnail","hentry"],"acf":[],"yoast_head":"<!-- This site is optimized with the Yoast SEO Premium plugin v26.3 (Yoast SEO v26.3) - https:\/\/yoast.com\/wordpress\/plugins\/seo\/ -->\n<title>Ferme d&#039;aventure Schmid - farmermobil GmbH<\/title>\n<meta name=\"robots\" content=\"index, follow, max-snippet:-1, max-image-preview:large, max-video-preview:-1\" \/>\n<link rel=\"canonical\" href=\"https:\/\/farmermobil.com\/fr\/testimonials\/ferme-daventure-schmid\/\" \/>\n<meta property=\"og:locale\" content=\"fr_FR\" \/>\n<meta property=\"og:type\" content=\"article\" \/>\n<meta property=\"og:title\" content=\"Ferme d&#039;aventure Schmid\" \/>\n<meta property=\"og:description\" content=\"Le STARTER-plus combine un logement mobile respectueux des animaux et \u00e9conome en main-d&rsquo;\u0153uvre avec des dimensions compactes. Cela signifie que des zones encore plus petites peuvent \u00eatre atteintes et utilis\u00e9es avec la stalle.\" \/>\n<meta property=\"og:url\" content=\"https:\/\/farmermobil.com\/fr\/testimonials\/ferme-daventure-schmid\/\" \/>\n<meta property=\"og:site_name\" content=\"farmermobil GmbH\" \/>\n<meta property=\"article:publisher\" content=\"https:\/\/facebook.com\/farmermobil\" \/>\n<meta property=\"article:modified_time\" content=\"2023-02-05T11:47:44+00:00\" \/>\n<meta property=\"og:image\" content=\"https:\/\/farmermobil.com\/wp-content\/uploads\/2023\/01\/echtebiolandeier-schmid-referez-round.webp\" \/>\n\t<meta property=\"og:image:width\" content=\"707\" \/>\n\t<meta property=\"og:image:height\" content=\"708\" \/>\n\t<meta property=\"og:image:type\" content=\"image\/webp\" \/>\n<meta name=\"twitter:card\" content=\"summary_large_image\" \/>\n<script type=\"application\/ld+json\" class=\"yoast-schema-graph\">{\"@context\":\"https:\/\/schema.org\",\"@graph\":[{\"@type\":\"WebPage\",\"@id\":\"https:\/\/farmermobil.com\/fr\/testimonials\/ferme-daventure-schmid\/\",\"url\":\"https:\/\/farmermobil.com\/fr\/testimonials\/ferme-daventure-schmid\/\",\"name\":\"Ferme d'aventure Schmid - farmermobil GmbH\",\"isPartOf\":{\"@id\":\"https:\/\/farmermobil.com\/#website\"},\"primaryImageOfPage\":{\"@id\":\"https:\/\/farmermobil.com\/fr\/testimonials\/ferme-daventure-schmid\/#primaryimage\"},\"image\":{\"@id\":\"https:\/\/farmermobil.com\/fr\/testimonials\/ferme-daventure-schmid\/#primaryimage\"},\"thumbnailUrl\":\"https:\/\/farmermobil.com\/wp-content\/uploads\/2023\/01\/echtebiolandeier-schmid-referez-round.webp\",\"datePublished\":\"2023-01-18T10:03:15+00:00\",\"dateModified\":\"2023-02-05T11:47:44+00:00\",\"breadcrumb\":{\"@id\":\"https:\/\/farmermobil.com\/fr\/testimonials\/ferme-daventure-schmid\/#breadcrumb\"},\"inLanguage\":\"fr-FR\",\"potentialAction\":[{\"@type\":\"ReadAction\",\"target\":[\"https:\/\/farmermobil.com\/fr\/testimonials\/ferme-daventure-schmid\/\"]}]},{\"@type\":\"ImageObject\",\"inLanguage\":\"fr-FR\",\"@id\":\"https:\/\/farmermobil.com\/fr\/testimonials\/ferme-daventure-schmid\/#primaryimage\",\"url\":\"https:\/\/farmermobil.com\/wp-content\/uploads\/2023\/01\/echtebiolandeier-schmid-referez-round.webp\",\"contentUrl\":\"https:\/\/farmermobil.com\/wp-content\/uploads\/2023\/01\/echtebiolandeier-schmid-referez-round.webp\",\"width\":707,\"height\":708},{\"@type\":\"BreadcrumbList\",\"@id\":\"https:\/\/farmermobil.com\/fr\/testimonials\/ferme-daventure-schmid\/#breadcrumb\",\"itemListElement\":[{\"@type\":\"ListItem\",\"position\":1,\"name\":\"Startseite\",\"item\":\"https:\/\/farmermobil.com\/\"},{\"@type\":\"ListItem\",\"position\":2,\"name\":\"Ferme d&#8217;aventure Schmid\"}]},{\"@type\":\"WebSite\",\"@id\":\"https:\/\/farmermobil.com\/#website\",\"url\":\"https:\/\/farmermobil.com\/\",\"name\":\"farmermobil GmbH\",\"description\":\"farmermobil DER Mobilstall\",\"publisher\":{\"@id\":\"https:\/\/farmermobil.com\/#organization\"},\"alternateName\":\"Mobilstall\",\"potentialAction\":[{\"@type\":\"SearchAction\",\"target\":{\"@type\":\"EntryPoint\",\"urlTemplate\":\"https:\/\/farmermobil.com\/?s={search_term_string}\"},\"query-input\":{\"@type\":\"PropertyValueSpecification\",\"valueRequired\":true,\"valueName\":\"search_term_string\"}}],\"inLanguage\":\"fr-FR\"},{\"@type\":\"Organization\",\"@id\":\"https:\/\/farmermobil.com\/#organization\",\"name\":\"farmermobil GmbH\",\"url\":\"https:\/\/farmermobil.com\/\",\"logo\":{\"@type\":\"ImageObject\",\"inLanguage\":\"fr-FR\",\"@id\":\"https:\/\/farmermobil.com\/#\/schema\/logo\/image\/\",\"url\":\"https:\/\/farmermobil.com\/wp-content\/uploads\/2023\/05\/farmermobil-knallrot-ohne-huhn-ubereinander-1-e1683558691453.png\",\"contentUrl\":\"https:\/\/farmermobil.com\/wp-content\/uploads\/2023\/05\/farmermobil-knallrot-ohne-huhn-ubereinander-1-e1683558691453.png\",\"width\":696,\"height\":696,\"caption\":\"farmermobil GmbH\"},\"image\":{\"@id\":\"https:\/\/farmermobil.com\/#\/schema\/logo\/image\/\"},\"sameAs\":[\"https:\/\/facebook.com\/farmermobil\",\"https:\/\/instagram.com\/farmermobil\"]}]}<\/script>\n<!-- \/ Yoast SEO Premium plugin. -->","yoast_head_json":{"title":"Ferme d'aventure Schmid - farmermobil GmbH","robots":{"index":"index","follow":"follow","max-snippet":"max-snippet:-1","max-image-preview":"max-image-preview:large","max-video-preview":"max-video-preview:-1"},"canonical":"https:\/\/farmermobil.com\/fr\/testimonials\/ferme-daventure-schmid\/","og_locale":"fr_FR","og_type":"article","og_title":"Ferme d'aventure Schmid","og_description":"Le STARTER-plus combine un logement mobile respectueux des animaux et \u00e9conome en main-d&rsquo;\u0153uvre avec des dimensions compactes. Cela signifie que des zones encore plus petites peuvent \u00eatre atteintes et utilis\u00e9es avec la stalle.","og_url":"https:\/\/farmermobil.com\/fr\/testimonials\/ferme-daventure-schmid\/","og_site_name":"farmermobil GmbH","article_publisher":"https:\/\/facebook.com\/farmermobil","article_modified_time":"2023-02-05T11:47:44+00:00","og_image":[{"width":707,"height":708,"url":"https:\/\/farmermobil.com\/wp-content\/uploads\/2023\/01\/echtebiolandeier-schmid-referez-round.webp","type":"image\/webp"}],"twitter_card":"summary_large_image","schema":{"@context":"https:\/\/schema.org","@graph":[{"@type":"WebPage","@id":"https:\/\/farmermobil.com\/fr\/testimonials\/ferme-daventure-schmid\/","url":"https:\/\/farmermobil.com\/fr\/testimonials\/ferme-daventure-schmid\/","name":"Ferme d'aventure Schmid - farmermobil GmbH","isPartOf":{"@id":"https:\/\/farmermobil.com\/#website"},"primaryImageOfPage":{"@id":"https:\/\/farmermobil.com\/fr\/testimonials\/ferme-daventure-schmid\/#primaryimage"},"image":{"@id":"https:\/\/farmermobil.com\/fr\/testimonials\/ferme-daventure-schmid\/#primaryimage"},"thumbnailUrl":"https:\/\/farmermobil.com\/wp-content\/uploads\/2023\/01\/echtebiolandeier-schmid-referez-round.webp","datePublished":"2023-01-18T10:03:15+00:00","dateModified":"2023-02-05T11:47:44+00:00","breadcrumb":{"@id":"https:\/\/farmermobil.com\/fr\/testimonials\/ferme-daventure-schmid\/#breadcrumb"},"inLanguage":"fr-FR","potentialAction":[{"@type":"ReadAction","target":["https:\/\/farmermobil.com\/fr\/testimonials\/ferme-daventure-schmid\/"]}]},{"@type":"ImageObject","inLanguage":"fr-FR","@id":"https:\/\/farmermobil.com\/fr\/testimonials\/ferme-daventure-schmid\/#primaryimage","url":"https:\/\/farmermobil.com\/wp-content\/uploads\/2023\/01\/echtebiolandeier-schmid-referez-round.webp","contentUrl":"https:\/\/farmermobil.com\/wp-content\/uploads\/2023\/01\/echtebiolandeier-schmid-referez-round.webp","width":707,"height":708},{"@type":"BreadcrumbList","@id":"https:\/\/farmermobil.com\/fr\/testimonials\/ferme-daventure-schmid\/#breadcrumb","itemListElement":[{"@type":"ListItem","position":1,"name":"Startseite","item":"https:\/\/farmermobil.com\/"},{"@type":"ListItem","position":2,"name":"Ferme d&#8217;aventure Schmid"}]},{"@type":"WebSite","@id":"https:\/\/farmermobil.com\/#website","url":"https:\/\/farmermobil.com\/","name":"farmermobil GmbH","description":"farmermobil DER Mobilstall","publisher":{"@id":"https:\/\/farmermobil.com\/#organization"},"alternateName":"Mobilstall","potentialAction":[{"@type":"SearchAction","target":{"@type":"EntryPoint","urlTemplate":"https:\/\/farmermobil.com\/?s={search_term_string}"},"query-input":{"@type":"PropertyValueSpecification","valueRequired":true,"valueName":"search_term_string"}}],"inLanguage":"fr-FR"},{"@type":"Organization","@id":"https:\/\/farmermobil.com\/#organization","name":"farmermobil GmbH","url":"https:\/\/farmermobil.com\/","logo":{"@type":"ImageObject","inLanguage":"fr-FR","@id":"https:\/\/farmermobil.com\/#\/schema\/logo\/image\/","url":"https:\/\/farmermobil.com\/wp-content\/uploads\/2023\/05\/farmermobil-knallrot-ohne-huhn-ubereinander-1-e1683558691453.png","contentUrl":"https:\/\/farmermobil.com\/wp-content\/uploads\/2023\/05\/farmermobil-knallrot-ohne-huhn-ubereinander-1-e1683558691453.png","width":696,"height":696,"caption":"farmermobil GmbH"},"image":{"@id":"https:\/\/farmermobil.com\/#\/schema\/logo\/image\/"},"sameAs":["https:\/\/facebook.com\/farmermobil","https:\/\/instagram.com\/farmermobil"]}]}},"_links":{"self":[{"href":"https:\/\/farmermobil.com\/fr\/wp-json\/wp\/v2\/testimonials\/5966","targetHints":{"allow":["GET"]}}],"collection":[{"href":"https:\/\/farmermobil.com\/fr\/wp-json\/wp\/v2\/testimonials"}],"about":[{"href":"https:\/\/farmermobil.com\/fr\/wp-json\/wp\/v2\/types\/testimonials"}],"wp:featuredmedia":[{"embeddable":true,"href":"https:\/\/farmermobil.com\/fr\/wp-json\/wp\/v2\/media\/5705"}],"wp:attachment":[{"href":"https:\/\/farmermobil.com\/fr\/wp-json\/wp\/v2\/media?parent=5966"}],"curies":[{"name":"wp","href":"https:\/\/api.w.org\/{rel}","templated":true}]}}