{"id":9163,"date":"2023-01-06T15:19:46","date_gmt":"2023-01-06T14:19:46","guid":{"rendered":"https:\/\/farmermobil.com\/actualites\/"},"modified":"2023-10-24T15:09:24","modified_gmt":"2023-10-24T14:09:24","slug":"actualites","status":"publish","type":"page","link":"https:\/\/farmermobil.com\/fr\/actualites\/","title":{"rendered":"Actualit\u00e9s"},"content":{"rendered":"\t\t<div data-elementor-type=\"wp-page\" data-elementor-id=\"9163\" class=\"elementor elementor-9163 elementor-661\" data-elementor-post-type=\"page\">\n\t\t\t\t\t\t<section class=\"elementor-section elementor-top-section elementor-element elementor-element-8f583c5 elementor-section-height-min-height elementor-hidden-mobile elementor-hidden-tablet elementor-section-boxed elementor-section-height-default elementor-section-items-middle\" data-id=\"8f583c5\" data-element_type=\"section\" data-e-type=\"section\" data-settings=\"{&quot;background_background&quot;:&quot;classic&quot;,&quot;shape_divider_bottom&quot;:&quot;tilt&quot;}\">\n\t\t\t\t\t<div class=\"elementor-shape elementor-shape-bottom\" aria-hidden=\"true\" data-negative=\"false\">\n\t\t\t<svg xmlns=\"http:\/\/www.w3.org\/2000\/svg\" viewBox=\"0 0 1000 100\" preserveAspectRatio=\"none\">\n\t<path class=\"elementor-shape-fill\" d=\"M0,6V0h1000v100L0,6z\"\/>\n<\/svg>\t\t<\/div>\n\t\t\t\t\t<div class=\"elementor-container elementor-column-gap-default\">\n\t\t\t\t\t<div class=\"elementor-column elementor-col-100 elementor-top-column elementor-element elementor-element-74ef0cc\" data-id=\"74ef0cc\" data-element_type=\"column\" data-e-type=\"column\">\n\t\t\t<div class=\"elementor-widget-wrap elementor-element-populated\">\n\t\t\t\t\t\t<div class=\"elementor-element elementor-element-5183fd5 elementor-widget__width-initial elementor-widget-mobile__width-initial elementor-widget elementor-widget-heading\" data-id=\"5183fd5\" data-element_type=\"widget\" data-e-type=\"widget\" data-widget_type=\"heading.default\">\n\t\t\t\t<div class=\"elementor-widget-container\">\n\t\t\t\t\t<h2 class=\"elementor-heading-title elementor-size-default\">Actualit\u00e9s<\/h2>\t\t\t\t<\/div>\n\t\t\t\t<\/div>\n\t\t\t\t\t<\/div>\n\t\t<\/div>\n\t\t\t\t\t<\/div>\n\t\t<\/section>\n\t\t\t\t<section class=\"elementor-section elementor-top-section elementor-element elementor-element-1d8f7f8 elementor-section-boxed elementor-section-height-default elementor-section-height-default elementor-invisible\" data-id=\"1d8f7f8\" data-element_type=\"section\" data-e-type=\"section\" data-settings=\"{&quot;animation&quot;:&quot;fadeInUp&quot;}\">\n\t\t\t\t\t\t<div class=\"elementor-container elementor-column-gap-default\">\n\t\t\t\t\t<div class=\"elementor-column elementor-col-100 elementor-top-column elementor-element elementor-element-5f9813a\" data-id=\"5f9813a\" data-element_type=\"column\" data-e-type=\"column\">\n\t\t\t<div class=\"elementor-widget-wrap elementor-element-populated\">\n\t\t\t\t\t\t<div class=\"elementor-element elementor-element-5a7b50b elementor-invisible elementor-widget elementor-widget-heading\" data-id=\"5a7b50b\" data-element_type=\"widget\" data-e-type=\"widget\" data-settings=\"{&quot;_animation&quot;:&quot;fadeInDown&quot;}\" data-widget_type=\"heading.default\">\n\t\t\t\t<div class=\"elementor-widget-container\">\n\t\t\t\t\t<h1 class=\"elementor-heading-title elementor-size-default\">Highlight<\/h1>\t\t\t\t<\/div>\n\t\t\t\t<\/div>\n\t\t\t\t<div class=\"elementor-element elementor-element-fafeb68 elementor-grid-1 elementor-grid-tablet-1 elementor-grid-mobile-1 elementor-posts--thumbnail-top elementor-card-shadow-yes elementor-posts__hover-gradient elementor-invisible elementor-widget elementor-widget-posts\" data-id=\"fafeb68\" data-element_type=\"widget\" data-e-type=\"widget\" data-settings=\"{&quot;cards_row_gap&quot;:{&quot;unit&quot;:&quot;px&quot;,&quot;size&quot;:50,&quot;sizes&quot;:[]},&quot;cards_row_gap_mobile&quot;:{&quot;unit&quot;:&quot;px&quot;,&quot;size&quot;:35,&quot;sizes&quot;:[]},&quot;cards_columns&quot;:&quot;1&quot;,&quot;cards_columns_tablet&quot;:&quot;1&quot;,&quot;_animation&quot;:&quot;fadeInDown&quot;,&quot;cards_columns_mobile&quot;:&quot;1&quot;,&quot;cards_row_gap_tablet&quot;:{&quot;unit&quot;:&quot;px&quot;,&quot;size&quot;:&quot;&quot;,&quot;sizes&quot;:[]}}\" data-widget_type=\"posts.cards\">\n\t\t\t\t<div class=\"elementor-widget-container\">\n\t\t\t\t\t\t\t<div class=\"elementor-posts-container elementor-posts elementor-posts--skin-cards elementor-grid\" role=\"list\">\n\t\t\t\t<article class=\"elementor-post elementor-grid-item post-12117 post type-post status-publish format-standard has-post-thumbnail hentry category-actualites category-non-classifiee tag-farmermobil-fr tag-trappes-de-sortie-laterales\" role=\"listitem\">\n\t\t\t<div class=\"elementor-post__card\">\n\t\t\t\t<a class=\"elementor-post__thumbnail__link\" href=\"https:\/\/farmermobil.com\/fr\/la-serie-starter-avec-des-trappes-de-sortie-laterales\/\" tabindex=\"-1\" ><div class=\"elementor-post__thumbnail\"><img fetchpriority=\"high\" decoding=\"async\" width=\"1536\" height=\"1060\" src=\"https:\/\/farmermobil.com\/wp-content\/uploads\/2023\/06\/STARTER-max_seitliche-Auslaufklappen-1536x1060.jpg\" class=\"attachment-1536x1536 size-1536x1536 wp-image-12098\" alt=\"\" srcset=\"https:\/\/farmermobil.com\/wp-content\/uploads\/2023\/06\/STARTER-max_seitliche-Auslaufklappen-1536x1060.jpg 1536w, https:\/\/farmermobil.com\/wp-content\/uploads\/2023\/06\/STARTER-max_seitliche-Auslaufklappen-300x207.jpg 300w, https:\/\/farmermobil.com\/wp-content\/uploads\/2023\/06\/STARTER-max_seitliche-Auslaufklappen-1024x707.jpg 1024w, https:\/\/farmermobil.com\/wp-content\/uploads\/2023\/06\/STARTER-max_seitliche-Auslaufklappen-768x530.jpg 768w, https:\/\/farmermobil.com\/wp-content\/uploads\/2023\/06\/STARTER-max_seitliche-Auslaufklappen-2048x1413.jpg 2048w\" sizes=\"(max-width: 1536px) 100vw, 1536px\" \/><\/div><\/a>\n\t\t\t\t<div class=\"elementor-post__text\">\n\t\t\t\t<h3 class=\"elementor-post__title\">\n\t\t\t<a href=\"https:\/\/farmermobil.com\/fr\/la-serie-starter-avec-des-trappes-de-sortie-laterales\/\" >\n\t\t\t\tLA S\u00c9RIE STARTER AVEC DES TRAPPES DE SORTIE LAT\u00c9RALES\t\t\t<\/a>\n\t\t<\/h3>\n\t\t\t\t<div class=\"elementor-post__excerpt\">\n\t\t\t<p>LA S\u00c9RIE STARTER AVEC DES TRAPPES DE SORTIE LAT\u00c9RALES EN \u00c9QUIPEMENT DE S\u00c9RIE Auparavant, les poulaillers mobiles de notre s\u00e9rie STARTER \u00e9taient \u00e9quip\u00e9s de trappes de sortie au sol. Les trappes de sortie lat\u00e9rales n&rsquo;\u00e9taient<\/p>\n\t\t<\/div>\n\t\t\n\t\t<a class=\"elementor-post__read-more\" href=\"https:\/\/farmermobil.com\/fr\/la-serie-starter-avec-des-trappes-de-sortie-laterales\/\" aria-label=\"En savoir plus sur LA S\u00c9RIE STARTER AVEC DES TRAPPES DE SORTIE LAT\u00c9RALES\" tabindex=\"-1\" >\n\t\t\tContinuer la lecture \u00bb\t\t<\/a>\n\n\t\t\t\t<\/div>\n\t\t\t\t\t<\/div>\n\t\t<\/article>\n\t\t\t\t<\/div>\n\t\t\n\t\t\t\t\t\t<\/div>\n\t\t\t\t<\/div>\n\t\t\t\t\t<\/div>\n\t\t<\/div>\n\t\t\t\t\t<\/div>\n\t\t<\/section>\n\t\t\t\t<section class=\"elementor-section elementor-top-section elementor-element elementor-element-f5bb70d elementor-section-boxed elementor-section-height-default elementor-section-height-default elementor-invisible\" data-id=\"f5bb70d\" data-element_type=\"section\" data-e-type=\"section\" data-settings=\"{&quot;animation&quot;:&quot;fadeInUp&quot;}\">\n\t\t\t\t\t\t<div class=\"elementor-container elementor-column-gap-default\">\n\t\t\t\t\t<div class=\"elementor-column elementor-col-100 elementor-top-column elementor-element elementor-element-b10ac20\" data-id=\"b10ac20\" data-element_type=\"column\" data-e-type=\"column\">\n\t\t\t<div class=\"elementor-widget-wrap elementor-element-populated\">\n\t\t\t\t\t\t<div class=\"elementor-element elementor-element-54bb255 elementor-invisible elementor-widget elementor-widget-heading\" data-id=\"54bb255\" data-element_type=\"widget\" data-e-type=\"widget\" data-settings=\"{&quot;_animation&quot;:&quot;fadeInDown&quot;}\" data-widget_type=\"heading.default\">\n\t\t\t\t<div class=\"elementor-widget-container\">\n\t\t\t\t\t<h1 class=\"elementor-heading-title elementor-size-default\">ACTUALIT\u00c9S<\/h1>\t\t\t\t<\/div>\n\t\t\t\t<\/div>\n\t\t\t\t<div class=\"elementor-element elementor-element-77423a7 elementor-grid-3 elementor-grid-tablet-2 elementor-grid-mobile-1 elementor-posts--thumbnail-top elementor-card-shadow-yes elementor-posts__hover-gradient elementor-invisible elementor-widget elementor-widget-posts\" data-id=\"77423a7\" data-element_type=\"widget\" data-e-type=\"widget\" data-settings=\"{&quot;cards_row_gap&quot;:{&quot;unit&quot;:&quot;px&quot;,&quot;size&quot;:50,&quot;sizes&quot;:[]},&quot;cards_row_gap_mobile&quot;:{&quot;unit&quot;:&quot;px&quot;,&quot;size&quot;:35,&quot;sizes&quot;:[]},&quot;_animation&quot;:&quot;fadeInUp&quot;,&quot;cards_columns&quot;:&quot;3&quot;,&quot;cards_columns_tablet&quot;:&quot;2&quot;,&quot;cards_columns_mobile&quot;:&quot;1&quot;,&quot;cards_row_gap_tablet&quot;:{&quot;unit&quot;:&quot;px&quot;,&quot;size&quot;:&quot;&quot;,&quot;sizes&quot;:[]}}\" data-widget_type=\"posts.cards\">\n\t\t\t\t<div class=\"elementor-widget-container\">\n\t\t\t\t\t\t\t<div class=\"elementor-posts-container elementor-posts elementor-posts--skin-cards elementor-grid\" role=\"list\">\n\t\t\t\t<article class=\"elementor-post elementor-grid-item post-12117 post type-post status-publish format-standard has-post-thumbnail hentry category-actualites category-non-classifiee tag-farmermobil-fr tag-trappes-de-sortie-laterales\" role=\"listitem\">\n\t\t\t<div class=\"elementor-post__card\">\n\t\t\t\t<a class=\"elementor-post__thumbnail__link\" href=\"https:\/\/farmermobil.com\/fr\/la-serie-starter-avec-des-trappes-de-sortie-laterales\/\" tabindex=\"-1\" ><div class=\"elementor-post__thumbnail\"><img fetchpriority=\"high\" decoding=\"async\" width=\"1536\" height=\"1060\" src=\"https:\/\/farmermobil.com\/wp-content\/uploads\/2023\/06\/STARTER-max_seitliche-Auslaufklappen-1536x1060.jpg\" class=\"attachment-1536x1536 size-1536x1536 wp-image-12098\" alt=\"\" srcset=\"https:\/\/farmermobil.com\/wp-content\/uploads\/2023\/06\/STARTER-max_seitliche-Auslaufklappen-1536x1060.jpg 1536w, https:\/\/farmermobil.com\/wp-content\/uploads\/2023\/06\/STARTER-max_seitliche-Auslaufklappen-300x207.jpg 300w, https:\/\/farmermobil.com\/wp-content\/uploads\/2023\/06\/STARTER-max_seitliche-Auslaufklappen-1024x707.jpg 1024w, https:\/\/farmermobil.com\/wp-content\/uploads\/2023\/06\/STARTER-max_seitliche-Auslaufklappen-768x530.jpg 768w, https:\/\/farmermobil.com\/wp-content\/uploads\/2023\/06\/STARTER-max_seitliche-Auslaufklappen-2048x1413.jpg 2048w\" sizes=\"(max-width: 1536px) 100vw, 1536px\" \/><\/div><\/a>\n\t\t\t\t<div class=\"elementor-post__badge\">Actualit\u00e9s<\/div>\n\t\t\t\t<div class=\"elementor-post__text\">\n\t\t\t\t<h3 class=\"elementor-post__title\">\n\t\t\t<a href=\"https:\/\/farmermobil.com\/fr\/la-serie-starter-avec-des-trappes-de-sortie-laterales\/\" >\n\t\t\t\tLA S\u00c9RIE STARTER AVEC DES TRAPPES DE SORTIE LAT\u00c9RALES\t\t\t<\/a>\n\t\t<\/h3>\n\t\t\t\t<div class=\"elementor-post__excerpt\">\n\t\t\t<p>LA S\u00c9RIE STARTER AVEC DES TRAPPES DE SORTIE LAT\u00c9RALES EN \u00c9QUIPEMENT DE S\u00c9RIE Auparavant, les poulaillers mobiles de notre s\u00e9rie STARTER \u00e9taient \u00e9quip\u00e9s de trappes de sortie au sol. Les trappes de sortie lat\u00e9rales n&rsquo;\u00e9taient<\/p>\n\t\t<\/div>\n\t\t\n\t\t<a class=\"elementor-post__read-more\" href=\"https:\/\/farmermobil.com\/fr\/la-serie-starter-avec-des-trappes-de-sortie-laterales\/\" aria-label=\"En savoir plus sur LA S\u00c9RIE STARTER AVEC DES TRAPPES DE SORTIE LAT\u00c9RALES\" tabindex=\"-1\" >\n\t\t\tContinuer la lecture \u00bb\t\t<\/a>\n\n\t\t\t\t<\/div>\n\t\t\t\t\t<\/div>\n\t\t<\/article>\n\t\t\t\t<article class=\"elementor-post elementor-grid-item post-9155 post type-post status-publish format-standard has-post-thumbnail hentry category-actualites\" role=\"listitem\">\n\t\t\t<div class=\"elementor-post__card\">\n\t\t\t\t<a class=\"elementor-post__thumbnail__link\" href=\"https:\/\/farmermobil.com\/fr\/la-nouvelle-extension-pour-la-serie-fm-de-farmermobil\/\" tabindex=\"-1\" ><div class=\"elementor-post__thumbnail\"><img decoding=\"async\" width=\"1536\" height=\"517\" src=\"https:\/\/farmermobil.com\/wp-content\/uploads\/2023\/01\/Banner_beitrag_website-1536x517.jpeg\" class=\"attachment-1536x1536 size-1536x1536 wp-image-5470\" alt=\"\" srcset=\"https:\/\/farmermobil.com\/wp-content\/uploads\/2023\/01\/Banner_beitrag_website-1536x517.jpeg 1536w, https:\/\/farmermobil.com\/wp-content\/uploads\/2023\/01\/Banner_beitrag_website-300x101.jpeg 300w, https:\/\/farmermobil.com\/wp-content\/uploads\/2023\/01\/Banner_beitrag_website-1024x344.jpeg 1024w, https:\/\/farmermobil.com\/wp-content\/uploads\/2023\/01\/Banner_beitrag_website-768x258.jpeg 768w, https:\/\/farmermobil.com\/wp-content\/uploads\/2023\/01\/Banner_beitrag_website-2048x689.jpeg 2048w\" sizes=\"(max-width: 1536px) 100vw, 1536px\" \/><\/div><\/a>\n\t\t\t\t<div class=\"elementor-post__badge\">Actualit\u00e9s<\/div>\n\t\t\t\t<div class=\"elementor-post__text\">\n\t\t\t\t<h3 class=\"elementor-post__title\">\n\t\t\t<a href=\"https:\/\/farmermobil.com\/fr\/la-nouvelle-extension-pour-la-serie-fm-de-farmermobil\/\" >\n\t\t\t\tLa nouvelle extension pour la s\u00e9rie fm de farmermobil\t\t\t<\/a>\n\t\t<\/h3>\n\t\t\t\t<div class=\"elementor-post__excerpt\">\n\t\t\t<p>Disponible d\u00e8s \u00e0 pr\u00e9sent! La nouvelle extension de farmermobil pour notre s\u00e9rie fm. L\u2019extension est \u00e9galement homologu\u00e9e comme jardin d\u2019hiver pour KAT et Demeter! L\u2019extension de farmermobil est une zone s\u00e9par\u00e9e du poulailler chaud. Cette<\/p>\n\t\t<\/div>\n\t\t\n\t\t<a class=\"elementor-post__read-more\" href=\"https:\/\/farmermobil.com\/fr\/la-nouvelle-extension-pour-la-serie-fm-de-farmermobil\/\" aria-label=\"En savoir plus sur La nouvelle extension pour la s\u00e9rie fm de farmermobil\" tabindex=\"-1\" >\n\t\t\tContinuer la lecture \u00bb\t\t<\/a>\n\n\t\t\t\t<\/div>\n\t\t\t\t\t<\/div>\n\t\t<\/article>\n\t\t\t\t<article class=\"elementor-post elementor-grid-item post-9157 post type-post status-publish format-standard has-post-thumbnail hentry category-actualites category-highlight-fr\" role=\"listitem\">\n\t\t\t<div class=\"elementor-post__card\">\n\t\t\t\t<a class=\"elementor-post__thumbnail__link\" href=\"https:\/\/farmermobil.com\/fr\/serie-fm-the-next-generation\/\" tabindex=\"-1\" ><div class=\"elementor-post__thumbnail\"><img decoding=\"async\" width=\"1536\" height=\"958\" src=\"https:\/\/farmermobil.com\/wp-content\/uploads\/2023\/01\/fm-NextGeneration-018-1-scaled-1-1536x958.jpeg\" class=\"attachment-1536x1536 size-1536x1536 wp-image-5474\" alt=\"\" srcset=\"https:\/\/farmermobil.com\/wp-content\/uploads\/2023\/01\/fm-NextGeneration-018-1-scaled-1-1536x958.jpeg 1536w, https:\/\/farmermobil.com\/wp-content\/uploads\/2023\/01\/fm-NextGeneration-018-1-scaled-1-300x187.jpeg 300w, https:\/\/farmermobil.com\/wp-content\/uploads\/2023\/01\/fm-NextGeneration-018-1-scaled-1-1024x639.jpeg 1024w, https:\/\/farmermobil.com\/wp-content\/uploads\/2023\/01\/fm-NextGeneration-018-1-scaled-1-768x479.jpeg 768w, https:\/\/farmermobil.com\/wp-content\/uploads\/2023\/01\/fm-NextGeneration-018-1-scaled-1-2048x1278.jpeg 2048w\" sizes=\"(max-width: 1536px) 100vw, 1536px\" \/><\/div><\/a>\n\t\t\t\t<div class=\"elementor-post__badge\">Actualit\u00e9s<\/div>\n\t\t\t\t<div class=\"elementor-post__text\">\n\t\t\t\t<h3 class=\"elementor-post__title\">\n\t\t\t<a href=\"https:\/\/farmermobil.com\/fr\/serie-fm-the-next-generation\/\" >\n\t\t\t\tS\u00e9rie fm THE NEXT GENERATION\t\t\t<\/a>\n\t\t<\/h3>\n\t\t\t\t<div class=\"elementor-post__excerpt\">\n\t\t\t<p>De l\u2019agriculture pour l\u2019agriculture. Nous avons perfectionn\u00e9 notre s\u00e9rie fm en \u00e9troite collaboration avec nos clients. Ainsi, nous avons recueilli de nombreuses id\u00e9es et appris sur le terrain. Le premier prototype de la nouvelle s\u00e9rie<\/p>\n\t\t<\/div>\n\t\t\n\t\t<a class=\"elementor-post__read-more\" href=\"https:\/\/farmermobil.com\/fr\/serie-fm-the-next-generation\/\" aria-label=\"En savoir plus sur S\u00e9rie fm THE NEXT GENERATION\" tabindex=\"-1\" >\n\t\t\tContinuer la lecture \u00bb\t\t<\/a>\n\n\t\t\t\t<\/div>\n\t\t\t\t\t<\/div>\n\t\t<\/article>\n\t\t\t\t<article class=\"elementor-post elementor-grid-item post-9159 post type-post status-publish format-standard has-post-thumbnail hentry category-actualites category-non-classifiee\" role=\"listitem\">\n\t\t\t<div class=\"elementor-post__card\">\n\t\t\t\t<a class=\"elementor-post__thumbnail__link\" href=\"https:\/\/farmermobil.com\/fr\/gestion-via-des-terminaux-mobiles\/\" tabindex=\"-1\" ><div class=\"elementor-post__thumbnail\"><img loading=\"lazy\" decoding=\"async\" width=\"532\" height=\"473\" src=\"https:\/\/farmermobil.com\/wp-content\/uploads\/2023\/01\/farmermobil-fm600-arbeitssparend.jpeg\" class=\"attachment-1536x1536 size-1536x1536 wp-image-5527\" alt=\"\" srcset=\"https:\/\/farmermobil.com\/wp-content\/uploads\/2023\/01\/farmermobil-fm600-arbeitssparend.jpeg 532w, https:\/\/farmermobil.com\/wp-content\/uploads\/2023\/01\/farmermobil-fm600-arbeitssparend-300x267.jpeg 300w\" sizes=\"(max-width: 532px) 100vw, 532px\" \/><\/div><\/a>\n\t\t\t\t<div class=\"elementor-post__badge\">Actualit\u00e9s<\/div>\n\t\t\t\t<div class=\"elementor-post__text\">\n\t\t\t\t<h3 class=\"elementor-post__title\">\n\t\t\t<a href=\"https:\/\/farmermobil.com\/fr\/gestion-via-des-terminaux-mobiles\/\" >\n\t\t\t\tGestion via des terminaux mobiles\t\t\t<\/a>\n\t\t<\/h3>\n\t\t\t\t<div class=\"elementor-post__excerpt\">\n\t\t\t<p>Une nouvelle \u00e8re s\u2019ouvre avec le nouveau routeur compatible avec Internet et la t\u00e9l\u00e9phonie mobile de la soci\u00e9t\u00e9 Welotec GmbH \u00e0 Laer. Le syst\u00e8me de contr\u00f4le Siemens S7 avec \u00e9cran tactile 9 pouces a fait<\/p>\n\t\t<\/div>\n\t\t\n\t\t<a class=\"elementor-post__read-more\" href=\"https:\/\/farmermobil.com\/fr\/gestion-via-des-terminaux-mobiles\/\" aria-label=\"En savoir plus sur Gestion via des terminaux mobiles\" tabindex=\"-1\" >\n\t\t\tContinuer la lecture \u00bb\t\t<\/a>\n\n\t\t\t\t<\/div>\n\t\t\t\t\t<\/div>\n\t\t<\/article>\n\t\t\t\t<article class=\"elementor-post elementor-grid-item post-9151 post type-post status-publish format-standard has-post-thumbnail hentry category-actualites category-non-classifiee\" role=\"listitem\">\n\t\t\t<div class=\"elementor-post__card\">\n\t\t\t\t<a class=\"elementor-post__thumbnail__link\" href=\"https:\/\/farmermobil.com\/fr\/la-premiere-special-edition-de-farmermobil\/\" tabindex=\"-1\" ><div class=\"elementor-post__thumbnail\"><img loading=\"lazy\" decoding=\"async\" width=\"1400\" height=\"916\" src=\"https:\/\/farmermobil.com\/wp-content\/uploads\/2023\/01\/Ms_Pinky_001-scaled-1.webp\" class=\"attachment-1536x1536 size-1536x1536 wp-image-5522\" alt=\"\" srcset=\"https:\/\/farmermobil.com\/wp-content\/uploads\/2023\/01\/Ms_Pinky_001-scaled-1.webp 1400w, https:\/\/farmermobil.com\/wp-content\/uploads\/2023\/01\/Ms_Pinky_001-scaled-1-300x196.webp 300w, https:\/\/farmermobil.com\/wp-content\/uploads\/2023\/01\/Ms_Pinky_001-scaled-1-1024x670.webp 1024w, https:\/\/farmermobil.com\/wp-content\/uploads\/2023\/01\/Ms_Pinky_001-scaled-1-768x502.webp 768w\" sizes=\"(max-width: 1400px) 100vw, 1400px\" \/><\/div><\/a>\n\t\t\t\t<div class=\"elementor-post__badge\">Actualit\u00e9s<\/div>\n\t\t\t\t<div class=\"elementor-post__text\">\n\t\t\t\t<h3 class=\"elementor-post__title\">\n\t\t\t<a href=\"https:\/\/farmermobil.com\/fr\/la-premiere-special-edition-de-farmermobil\/\" >\n\t\t\t\tLa premi\u00e8re Special Edition de farmermobil\t\t\t<\/a>\n\t\t<\/h3>\n\t\t\t\t<div class=\"elementor-post__excerpt\">\n\t\t\t<p>RIEN N\u2019EST IMPOSSIBLE! Un poulailler mobile ne doit pas forc\u00e9ment \u00eatre simple, n\u2019est-ce pas? Chez nous, tout est possible ! \u00c0 noter par exemple le souhait de ce client: Un STARTER &#8211; plus rose. Un<\/p>\n\t\t<\/div>\n\t\t\n\t\t<a class=\"elementor-post__read-more\" href=\"https:\/\/farmermobil.com\/fr\/la-premiere-special-edition-de-farmermobil\/\" aria-label=\"En savoir plus sur La premi\u00e8re Special Edition de farmermobil\" tabindex=\"-1\" >\n\t\t\tContinuer la lecture \u00bb\t\t<\/a>\n\n\t\t\t\t<\/div>\n\t\t\t\t\t<\/div>\n\t\t<\/article>\n\t\t\t\t<\/div>\n\t\t\n\t\t\t\t\t\t<\/div>\n\t\t\t\t<\/div>\n\t\t\t\t\t<\/div>\n\t\t<\/div>\n\t\t\t\t\t<\/div>\n\t\t<\/section>\n\t\t\t\t<section class=\"elementor-section elementor-top-section elementor-element elementor-element-68f965c elementor-section-boxed elementor-section-height-default elementor-section-height-default\" data-id=\"68f965c\" data-element_type=\"section\" data-e-type=\"section\">\n\t\t\t\t\t\t<div class=\"elementor-container elementor-column-gap-default\">\n\t\t\t\t\t<div class=\"elementor-column elementor-col-100 elementor-top-column elementor-element elementor-element-58f733e\" data-id=\"58f733e\" data-element_type=\"column\" data-e-type=\"column\">\n\t\t\t<div class=\"elementor-widget-wrap\">\n\t\t\t\t\t\t\t<\/div>\n\t\t<\/div>\n\t\t\t\t\t<\/div>\n\t\t<\/section>\n\t\t\t\t<\/div>\n\t\t","protected":false},"excerpt":{"rendered":"<p>Actualit\u00e9s Highlight ACTUALIT\u00c9S<\/p>\n","protected":false},"author":7,"featured_media":0,"parent":0,"menu_order":0,"comment_status":"closed","ping_status":"closed","template":"","meta":{"_acf_changed":false,"content-type":"","footnotes":""},"class_list":["post-9163","page","type-page","status-publish","hentry"],"acf":[],"yoast_head":"<!-- This site is optimized with the Yoast SEO Premium plugin v26.3 (Yoast SEO v26.3) - https:\/\/yoast.com\/wordpress\/plugins\/seo\/ -->\n<title>Actualit\u00e9s \u2013 farmermobil GmbH<\/title>\n<meta name=\"description\" content=\"Connaissez les poulets biologiques mobiles polyvalents pour vos besoins: Lisez maintenant dans notre blog sur les innovations et les actions que vous n&#039;\u00eates pas autoris\u00e9 \u00e0 manquer. Nous donnons \u00e9galement r\u00e9guli\u00e8rement un aper\u00e7u de la conservation mobile de poulet de nos clients.\" \/>\n<meta name=\"robots\" content=\"index, follow, max-snippet:-1, max-image-preview:large, max-video-preview:-1\" \/>\n<link rel=\"canonical\" href=\"https:\/\/farmermobil.com\/news\/\" \/>\n<meta property=\"og:locale\" content=\"fr_FR\" \/>\n<meta property=\"og:type\" content=\"article\" \/>\n<meta property=\"og:title\" content=\"Actualit\u00e9s\" \/>\n<meta property=\"og:description\" content=\"Connaissez les poulets biologiques mobiles polyvalents pour vos besoins: Lisez maintenant dans notre blog sur les innovations et les actions que vous n&#039;\u00eates pas autoris\u00e9 \u00e0 manquer. Nous donnons \u00e9galement r\u00e9guli\u00e8rement un aper\u00e7u de la conservation mobile de poulet de nos clients.\" \/>\n<meta property=\"og:url\" content=\"https:\/\/farmermobil.com\/news\/\" \/>\n<meta property=\"og:site_name\" content=\"farmermobil GmbH\" \/>\n<meta property=\"article:publisher\" content=\"https:\/\/facebook.com\/farmermobil\" \/>\n<meta property=\"article:modified_time\" content=\"2023-10-24T14:09:24+00:00\" \/>\n<meta property=\"og:image\" content=\"https:\/\/farmermobil.com\/wp-content\/uploads\/2023\/01\/farmermobil-standort-laer-pylon-1.jpeg\" \/>\n\t<meta property=\"og:image:width\" content=\"2000\" \/>\n\t<meta property=\"og:image:height\" content=\"1334\" \/>\n\t<meta property=\"og:image:type\" content=\"image\/jpeg\" \/>\n<meta name=\"twitter:card\" content=\"summary_large_image\" \/>\n<meta name=\"twitter:label1\" content=\"Dur\u00e9e de lecture estim\u00e9e\" \/>\n\t<meta name=\"twitter:data1\" content=\"8 minutes\" \/>\n<script type=\"application\/ld+json\" class=\"yoast-schema-graph\">{\"@context\":\"https:\/\/schema.org\",\"@graph\":[{\"@type\":\"WebPage\",\"@id\":\"https:\/\/farmermobil.com\/news\/\",\"url\":\"https:\/\/farmermobil.com\/news\/\",\"name\":\"Actualit\u00e9s \u2013 farmermobil GmbH\",\"isPartOf\":{\"@id\":\"https:\/\/farmermobil.com\/#website\"},\"datePublished\":\"2023-01-06T14:19:46+00:00\",\"dateModified\":\"2023-10-24T14:09:24+00:00\",\"description\":\"Connaissez les poulets biologiques mobiles polyvalents pour vos besoins: Lisez maintenant dans notre blog sur les innovations et les actions que vous n'\u00eates pas autoris\u00e9 \u00e0 manquer. Nous donnons \u00e9galement r\u00e9guli\u00e8rement un aper\u00e7u de la conservation mobile de poulet de nos clients.\",\"breadcrumb\":{\"@id\":\"https:\/\/farmermobil.com\/news\/#breadcrumb\"},\"inLanguage\":\"fr-FR\",\"potentialAction\":[{\"@type\":\"ReadAction\",\"target\":[\"https:\/\/farmermobil.com\/news\/\"]}]},{\"@type\":\"BreadcrumbList\",\"@id\":\"https:\/\/farmermobil.com\/news\/#breadcrumb\",\"itemListElement\":[{\"@type\":\"ListItem\",\"position\":1,\"name\":\"Startseite\",\"item\":\"https:\/\/farmermobil.com\/\"},{\"@type\":\"ListItem\",\"position\":2,\"name\":\"Actualit\u00e9s\"}]},{\"@type\":\"WebSite\",\"@id\":\"https:\/\/farmermobil.com\/#website\",\"url\":\"https:\/\/farmermobil.com\/\",\"name\":\"farmermobil GmbH\",\"description\":\"farmermobil DER Mobilstall\",\"publisher\":{\"@id\":\"https:\/\/farmermobil.com\/#organization\"},\"alternateName\":\"Mobilstall\",\"potentialAction\":[{\"@type\":\"SearchAction\",\"target\":{\"@type\":\"EntryPoint\",\"urlTemplate\":\"https:\/\/farmermobil.com\/?s={search_term_string}\"},\"query-input\":{\"@type\":\"PropertyValueSpecification\",\"valueRequired\":true,\"valueName\":\"search_term_string\"}}],\"inLanguage\":\"fr-FR\"},{\"@type\":\"Organization\",\"@id\":\"https:\/\/farmermobil.com\/#organization\",\"name\":\"farmermobil GmbH\",\"url\":\"https:\/\/farmermobil.com\/\",\"logo\":{\"@type\":\"ImageObject\",\"inLanguage\":\"fr-FR\",\"@id\":\"https:\/\/farmermobil.com\/#\/schema\/logo\/image\/\",\"url\":\"https:\/\/farmermobil.com\/wp-content\/uploads\/2023\/05\/farmermobil-knallrot-ohne-huhn-ubereinander-1-e1683558691453.png\",\"contentUrl\":\"https:\/\/farmermobil.com\/wp-content\/uploads\/2023\/05\/farmermobil-knallrot-ohne-huhn-ubereinander-1-e1683558691453.png\",\"width\":696,\"height\":696,\"caption\":\"farmermobil GmbH\"},\"image\":{\"@id\":\"https:\/\/farmermobil.com\/#\/schema\/logo\/image\/\"},\"sameAs\":[\"https:\/\/facebook.com\/farmermobil\",\"https:\/\/instagram.com\/farmermobil\"]}]}<\/script>\n<!-- \/ Yoast SEO Premium plugin. -->","yoast_head_json":{"title":"Actualit\u00e9s \u2013 farmermobil GmbH","description":"Connaissez les poulets biologiques mobiles polyvalents pour vos besoins: Lisez maintenant dans notre blog sur les innovations et les actions que vous n'\u00eates pas autoris\u00e9 \u00e0 manquer. Nous donnons \u00e9galement r\u00e9guli\u00e8rement un aper\u00e7u de la conservation mobile de poulet de nos clients.","robots":{"index":"index","follow":"follow","max-snippet":"max-snippet:-1","max-image-preview":"max-image-preview:large","max-video-preview":"max-video-preview:-1"},"canonical":"https:\/\/farmermobil.com\/news\/","og_locale":"fr_FR","og_type":"article","og_title":"Actualit\u00e9s","og_description":"Connaissez les poulets biologiques mobiles polyvalents pour vos besoins: Lisez maintenant dans notre blog sur les innovations et les actions que vous n'\u00eates pas autoris\u00e9 \u00e0 manquer. Nous donnons \u00e9galement r\u00e9guli\u00e8rement un aper\u00e7u de la conservation mobile de poulet de nos clients.","og_url":"https:\/\/farmermobil.com\/news\/","og_site_name":"farmermobil GmbH","article_publisher":"https:\/\/facebook.com\/farmermobil","article_modified_time":"2023-10-24T14:09:24+00:00","og_image":[{"width":2000,"height":1334,"url":"https:\/\/farmermobil.com\/wp-content\/uploads\/2023\/01\/farmermobil-standort-laer-pylon-1.jpeg","type":"image\/jpeg"}],"twitter_card":"summary_large_image","twitter_misc":{"Dur\u00e9e de lecture estim\u00e9e":"8 minutes"},"schema":{"@context":"https:\/\/schema.org","@graph":[{"@type":"WebPage","@id":"https:\/\/farmermobil.com\/news\/","url":"https:\/\/farmermobil.com\/news\/","name":"Actualit\u00e9s \u2013 farmermobil GmbH","isPartOf":{"@id":"https:\/\/farmermobil.com\/#website"},"datePublished":"2023-01-06T14:19:46+00:00","dateModified":"2023-10-24T14:09:24+00:00","description":"Connaissez les poulets biologiques mobiles polyvalents pour vos besoins: Lisez maintenant dans notre blog sur les innovations et les actions que vous n'\u00eates pas autoris\u00e9 \u00e0 manquer. Nous donnons \u00e9galement r\u00e9guli\u00e8rement un aper\u00e7u de la conservation mobile de poulet de nos clients.","breadcrumb":{"@id":"https:\/\/farmermobil.com\/news\/#breadcrumb"},"inLanguage":"fr-FR","potentialAction":[{"@type":"ReadAction","target":["https:\/\/farmermobil.com\/news\/"]}]},{"@type":"BreadcrumbList","@id":"https:\/\/farmermobil.com\/news\/#breadcrumb","itemListElement":[{"@type":"ListItem","position":1,"name":"Startseite","item":"https:\/\/farmermobil.com\/"},{"@type":"ListItem","position":2,"name":"Actualit\u00e9s"}]},{"@type":"WebSite","@id":"https:\/\/farmermobil.com\/#website","url":"https:\/\/farmermobil.com\/","name":"farmermobil GmbH","description":"farmermobil DER Mobilstall","publisher":{"@id":"https:\/\/farmermobil.com\/#organization"},"alternateName":"Mobilstall","potentialAction":[{"@type":"SearchAction","target":{"@type":"EntryPoint","urlTemplate":"https:\/\/farmermobil.com\/?s={search_term_string}"},"query-input":{"@type":"PropertyValueSpecification","valueRequired":true,"valueName":"search_term_string"}}],"inLanguage":"fr-FR"},{"@type":"Organization","@id":"https:\/\/farmermobil.com\/#organization","name":"farmermobil GmbH","url":"https:\/\/farmermobil.com\/","logo":{"@type":"ImageObject","inLanguage":"fr-FR","@id":"https:\/\/farmermobil.com\/#\/schema\/logo\/image\/","url":"https:\/\/farmermobil.com\/wp-content\/uploads\/2023\/05\/farmermobil-knallrot-ohne-huhn-ubereinander-1-e1683558691453.png","contentUrl":"https:\/\/farmermobil.com\/wp-content\/uploads\/2023\/05\/farmermobil-knallrot-ohne-huhn-ubereinander-1-e1683558691453.png","width":696,"height":696,"caption":"farmermobil GmbH"},"image":{"@id":"https:\/\/farmermobil.com\/#\/schema\/logo\/image\/"},"sameAs":["https:\/\/facebook.com\/farmermobil","https:\/\/instagram.com\/farmermobil"]}]}},"_links":{"self":[{"href":"https:\/\/farmermobil.com\/fr\/wp-json\/wp\/v2\/pages\/9163","targetHints":{"allow":["GET"]}}],"collection":[{"href":"https:\/\/farmermobil.com\/fr\/wp-json\/wp\/v2\/pages"}],"about":[{"href":"https:\/\/farmermobil.com\/fr\/wp-json\/wp\/v2\/types\/page"}],"author":[{"embeddable":true,"href":"https:\/\/farmermobil.com\/fr\/wp-json\/wp\/v2\/users\/7"}],"replies":[{"embeddable":true,"href":"https:\/\/farmermobil.com\/fr\/wp-json\/wp\/v2\/comments?post=9163"}],"version-history":[{"count":10,"href":"https:\/\/farmermobil.com\/fr\/wp-json\/wp\/v2\/pages\/9163\/revisions"}],"predecessor-version":[{"id":13924,"href":"https:\/\/farmermobil.com\/fr\/wp-json\/wp\/v2\/pages\/9163\/revisions\/13924"}],"wp:attachment":[{"href":"https:\/\/farmermobil.com\/fr\/wp-json\/wp\/v2\/media?parent=9163"}],"curies":[{"name":"wp","href":"https:\/\/api.w.org\/{rel}","templated":true}]}}