{"id":7152,"date":"2023-01-04T09:00:24","date_gmt":"2023-01-04T08:00:24","guid":{"rendered":"https:\/\/farmermobil.com\/mentions-legales\/"},"modified":"2025-11-25T10:14:24","modified_gmt":"2025-11-25T09:14:24","slug":"mentions-legales","status":"publish","type":"page","link":"https:\/\/farmermobil.com\/fr\/mentions-legales\/","title":{"rendered":"Mentions l\u00e9gales"},"content":{"rendered":"\t\t<div data-elementor-type=\"wp-page\" data-elementor-id=\"7152\" class=\"elementor elementor-7152 elementor-237\" data-elementor-post-type=\"page\">\n\t\t\t\t\t\t<section class=\"elementor-section elementor-top-section elementor-element elementor-element-b02b078 elementor-section-height-min-height elementor-section-boxed elementor-section-height-default elementor-section-items-middle\" data-id=\"b02b078\" data-element_type=\"section\" data-e-type=\"section\" data-settings=\"{&quot;background_background&quot;:&quot;classic&quot;}\">\n\t\t\t\t\t\t<div class=\"elementor-container elementor-column-gap-default\">\n\t\t\t\t\t<div class=\"elementor-column elementor-col-100 elementor-top-column elementor-element elementor-element-e06ab13\" data-id=\"e06ab13\" data-element_type=\"column\" data-e-type=\"column\">\n\t\t\t<div class=\"elementor-widget-wrap\">\n\t\t\t\t\t\t\t<\/div>\n\t\t<\/div>\n\t\t\t\t\t<\/div>\n\t\t<\/section>\n\t\t\t\t<section class=\"elementor-section elementor-top-section elementor-element elementor-element-4b53317 elementor-section-boxed elementor-section-height-default elementor-section-height-default\" data-id=\"4b53317\" data-element_type=\"section\" data-e-type=\"section\">\n\t\t\t\t\t\t<div class=\"elementor-container elementor-column-gap-default\">\n\t\t\t\t\t<div class=\"elementor-column elementor-col-50 elementor-top-column elementor-element elementor-element-d49db63\" data-id=\"d49db63\" data-element_type=\"column\" data-e-type=\"column\">\n\t\t\t<div class=\"elementor-widget-wrap elementor-element-populated\">\n\t\t\t\t\t\t<div class=\"elementor-element elementor-element-f8cdb70 elementor-widget elementor-widget-heading\" data-id=\"f8cdb70\" data-element_type=\"widget\" data-e-type=\"widget\" data-widget_type=\"heading.default\">\n\t\t\t\t<div class=\"elementor-widget-container\">\n\t\t\t\t\t<h2 class=\"elementor-heading-title elementor-size-default\">Contact<\/h2>\t\t\t\t<\/div>\n\t\t\t\t<\/div>\n\t\t\t\t<div class=\"elementor-element elementor-element-f92f0f6 elementor-widget elementor-widget-text-editor\" data-id=\"f92f0f6\" data-element_type=\"widget\" data-e-type=\"widget\" data-widget_type=\"text-editor.default\">\n\t\t\t\t<div class=\"elementor-widget-container\">\n\t\t\t\t\t\t\t\t\t<p>farmermobil GmbH<br \/>\nZum Hagenbach 5<br \/>\n48366 Laer<br \/>\nAllemange<\/p>\n\t\t\t\t\t\t\t\t<\/div>\n\t\t\t\t<\/div>\n\t\t\t\t<div class=\"elementor-element elementor-element-198e9c7 elementor-icon-list--layout-traditional elementor-list-item-link-full_width elementor-widget elementor-widget-icon-list\" data-id=\"198e9c7\" data-element_type=\"widget\" data-e-type=\"widget\" data-widget_type=\"icon-list.default\">\n\t\t\t\t<div class=\"elementor-widget-container\">\n\t\t\t\t\t\t\t<ul class=\"elementor-icon-list-items\">\n\t\t\t\t\t\t\t<li class=\"elementor-icon-list-item\">\n\t\t\t\t\t\t\t\t\t\t\t<span class=\"elementor-icon-list-icon\">\n\t\t\t\t\t\t\t<i aria-hidden=\"true\" class=\"fas fa-phone-alt\"><\/i>\t\t\t\t\t\t<\/span>\n\t\t\t\t\t\t\t\t\t\t<span class=\"elementor-icon-list-text\">+49 2554-9168-0<\/span>\n\t\t\t\t\t\t\t\t\t<\/li>\n\t\t\t\t\t\t\t\t<li class=\"elementor-icon-list-item\">\n\t\t\t\t\t\t\t\t\t\t\t<span class=\"elementor-icon-list-icon\">\n\t\t\t\t\t\t\t<i aria-hidden=\"true\" class=\"fas fa-fax\"><\/i>\t\t\t\t\t\t<\/span>\n\t\t\t\t\t\t\t\t\t\t<span class=\"elementor-icon-list-text\">+49 2554-9168-20<\/span>\n\t\t\t\t\t\t\t\t\t<\/li>\n\t\t\t\t\t\t\t\t<li class=\"elementor-icon-list-item\">\n\t\t\t\t\t\t\t\t\t\t\t<span class=\"elementor-icon-list-icon\">\n\t\t\t\t\t\t\t<i aria-hidden=\"true\" class=\"fas fa-envelope\"><\/i>\t\t\t\t\t\t<\/span>\n\t\t\t\t\t\t\t\t\t\t<span class=\"elementor-icon-list-text\">info[at]farmermobil.de<\/span>\n\t\t\t\t\t\t\t\t\t<\/li>\n\t\t\t\t\t\t<\/ul>\n\t\t\t\t\t\t<\/div>\n\t\t\t\t<\/div>\n\t\t\t\t<div class=\"elementor-element elementor-element-b91a2d4 elementor-widget elementor-widget-spacer\" data-id=\"b91a2d4\" data-element_type=\"widget\" data-e-type=\"widget\" data-widget_type=\"spacer.default\">\n\t\t\t\t<div class=\"elementor-widget-container\">\n\t\t\t\t\t\t\t<div class=\"elementor-spacer\">\n\t\t\t<div class=\"elementor-spacer-inner\"><\/div>\n\t\t<\/div>\n\t\t\t\t\t\t<\/div>\n\t\t\t\t<\/div>\n\t\t\t\t<div class=\"elementor-element elementor-element-476e38a elementor-widget elementor-widget-heading\" data-id=\"476e38a\" data-element_type=\"widget\" data-e-type=\"widget\" data-widget_type=\"heading.default\">\n\t\t\t\t<div class=\"elementor-widget-container\">\n\t\t\t\t\t<h2 class=\"elementor-heading-title elementor-size-default\">Plus de d\u00e9tails<\/h2>\t\t\t\t<\/div>\n\t\t\t\t<\/div>\n\t\t\t\t<div class=\"elementor-element elementor-element-cb5668b elementor-widget elementor-widget-text-editor\" data-id=\"cb5668b\" data-element_type=\"widget\" data-e-type=\"widget\" data-widget_type=\"text-editor.default\">\n\t\t\t\t<div class=\"elementor-widget-container\">\n\t\t\t\t\t\t\t\t\t<p>Directeur g\u00e9n\u00e9ral :<\/p><p>J\u00f6rn Osterkamp<\/p><p>Tribunal d&rsquo;enregistrement : Tribunal d&rsquo;instance de Steinfurt<br \/>Num\u00e9ro d&rsquo;enregistrement : HRB 10463<\/p><p>Num\u00e9ro de TVA : DE295366106<\/p><p>Responsable du contenu selon le \u00a7 55 al. 2 RStV :<\/p><p>J\u00f6rn Osterkamp<br \/>Zum Hagenbach 5<br \/>48366 Laer<\/p><p>Nous ne sommes pas pr\u00eats ou oblig\u00e9s de participer \u00e0 des proc\u00e9dures de r\u00e8glement des litiges devant un organisme de conciliation des consommateurs.<\/p>\t\t\t\t\t\t\t\t<\/div>\n\t\t\t\t<\/div>\n\t\t\t\t<div class=\"elementor-element elementor-element-acc7d39 elementor-widget elementor-widget-heading\" data-id=\"acc7d39\" data-element_type=\"widget\" data-e-type=\"widget\" data-widget_type=\"heading.default\">\n\t\t\t\t<div class=\"elementor-widget-container\">\n\t\t\t\t\t<h2 class=\"elementor-heading-title elementor-size-default\">Droits d'image<\/h2>\t\t\t\t<\/div>\n\t\t\t\t<\/div>\n\t\t\t\t<div class=\"elementor-element elementor-element-79fa86c elementor-widget elementor-widget-text-editor\" data-id=\"79fa86c\" data-element_type=\"widget\" data-e-type=\"widget\" data-widget_type=\"text-editor.default\">\n\t\t\t\t<div class=\"elementor-widget-container\">\n\t\t\t\t\t\t\t\t\t<p>Toutes les photos \u00a9 farmermobil\u00ae.<\/p>\n\t\t\t\t\t\t\t\t<\/div>\n\t\t\t\t<\/div>\n\t\t\t\t\t<\/div>\n\t\t<\/div>\n\t\t\t\t<div class=\"elementor-column elementor-col-50 elementor-top-column elementor-element elementor-element-030963d\" data-id=\"030963d\" data-element_type=\"column\" data-e-type=\"column\">\n\t\t\t<div class=\"elementor-widget-wrap elementor-element-populated\">\n\t\t\t\t\t\t<div class=\"elementor-element elementor-element-6596b0c elementor-widget elementor-widget-heading\" data-id=\"6596b0c\" data-element_type=\"widget\" data-e-type=\"widget\" data-widget_type=\"heading.default\">\n\t\t\t\t<div class=\"elementor-widget-container\">\n\t\t\t\t\t<h2 class=\"elementor-heading-title elementor-size-default\">Responsabilit\u00e9 du contenu<\/h2>\t\t\t\t<\/div>\n\t\t\t\t<\/div>\n\t\t\t\t<div class=\"elementor-element elementor-element-e46bb0d elementor-widget elementor-widget-text-editor\" data-id=\"e46bb0d\" data-element_type=\"widget\" data-e-type=\"widget\" data-widget_type=\"text-editor.default\">\n\t\t\t\t<div class=\"elementor-widget-container\">\n\t\t\t\t\t\t\t\t\t<p>En tant que prestataire de services, nous sommes responsables, conform\u00e9ment au \u00a7 7 alin\u00e9a 1 de la loi allemande sur les t\u00e9l\u00e9m\u00e9dias (TMG), de nos propres contenus sur ces pages selon les lois g\u00e9n\u00e9rales. Selon les \u00a7\u00a7 8 \u00e0 10 de la TMG, nous ne sommes toutefois pas tenus, en tant que prestataire de services, de surveiller les informations externes transmises ou enregistr\u00e9es ou de rechercher les circonstances qui indiquent une activit\u00e9 ill\u00e9gale.<\/p>\n<p>Les obligations de supprimer ou de bloquer l&rsquo;utilisation d&rsquo;informations conform\u00e9ment aux lois g\u00e9n\u00e9rales ne sont pas affect\u00e9es par cette disposition. Une responsabilit\u00e9 \u00e0 cet \u00e9gard n&rsquo;est toutefois possible qu&rsquo;\u00e0 partir du moment o\u00f9 une violation concr\u00e8te de la loi est connue. D\u00e8s la prise de connaissance d&rsquo;une telle violation, nous supprimerons imm\u00e9diatement les contenus concern\u00e9s.<\/p>\n\t\t\t\t\t\t\t\t<\/div>\n\t\t\t\t<\/div>\n\t\t\t\t<div class=\"elementor-element elementor-element-a47d720 elementor-widget elementor-widget-heading\" data-id=\"a47d720\" data-element_type=\"widget\" data-e-type=\"widget\" data-widget_type=\"heading.default\">\n\t\t\t\t<div class=\"elementor-widget-container\">\n\t\t\t\t\t<h2 class=\"elementor-heading-title elementor-size-default\">Responsabilit\u00e9 pour les liens<\/h2>\t\t\t\t<\/div>\n\t\t\t\t<\/div>\n\t\t\t\t<div class=\"elementor-element elementor-element-fa3536a elementor-widget elementor-widget-text-editor\" data-id=\"fa3536a\" data-element_type=\"widget\" data-e-type=\"widget\" data-widget_type=\"text-editor.default\">\n\t\t\t\t<div class=\"elementor-widget-container\">\n\t\t\t\t\t\t\t\t\t<p>Notre offre contient des liens vers des sites web externes de tiers, sur le contenu desquels nous n&rsquo;avons aucune influence. C&rsquo;est pourquoi nous ne pouvons pas non plus nous porter garants de ces contenus externes. Le fournisseur ou l&rsquo;exploitant des pages li\u00e9es est toujours responsable de leur contenu. Les pages li\u00e9es ont \u00e9t\u00e9 contr\u00f4l\u00e9es au moment de la cr\u00e9ation du lien afin de v\u00e9rifier qu&rsquo;elles ne pr\u00e9sentaient pas d&rsquo;infraction \u00e0 la loi. Aucun contenu ill\u00e9gal n&rsquo;a \u00e9t\u00e9 identifi\u00e9 au moment de la cr\u00e9ation du lien.<\/p>\n<p>Un contr\u00f4le permanent du contenu des pages li\u00e9es n&rsquo;est cependant pas exigible sans indices concrets d&rsquo;une violation de la loi. Si nous prenons connaissance d&rsquo;une violation de la loi, nous supprimerons imm\u00e9diatement les liens concern\u00e9s.<\/p>\n\t\t\t\t\t\t\t\t<\/div>\n\t\t\t\t<\/div>\n\t\t\t\t<div class=\"elementor-element elementor-element-8c9364f elementor-widget elementor-widget-heading\" data-id=\"8c9364f\" data-element_type=\"widget\" data-e-type=\"widget\" data-widget_type=\"heading.default\">\n\t\t\t\t<div class=\"elementor-widget-container\">\n\t\t\t\t\t<h2 class=\"elementor-heading-title elementor-size-default\">Droit d'auteur<\/h2>\t\t\t\t<\/div>\n\t\t\t\t<\/div>\n\t\t\t\t<div class=\"elementor-element elementor-element-d2a2448 elementor-widget elementor-widget-text-editor\" data-id=\"d2a2448\" data-element_type=\"widget\" data-e-type=\"widget\" data-widget_type=\"text-editor.default\">\n\t\t\t\t<div class=\"elementor-widget-container\">\n\t\t\t\t\t\t\t\t\t<p>Les contenus et les \u0153uvres cr\u00e9\u00e9s par les exploitants de ces pages sont soumis au droit d&rsquo;auteur allemand. La reproduction, le traitement, la diffusion et toute forme d&rsquo;exploitation en dehors des limites du droit d&rsquo;auteur requi\u00e8rent l&rsquo;accord \u00e9crit de l&rsquo;auteur ou du cr\u00e9ateur concern\u00e9. Les t\u00e9l\u00e9chargements et les copies de ce site ne sont autoris\u00e9s que pour un usage priv\u00e9 et non commercial.<\/p>\n<p>Dans la mesure o\u00f9 les contenus de ce site n&rsquo;ont pas \u00e9t\u00e9 cr\u00e9\u00e9s par l&rsquo;exploitant, les droits d&rsquo;auteur de tiers sont respect\u00e9s. Les contenus de tiers sont notamment identifi\u00e9s comme tels. Si vous deviez n\u00e9anmoins constater une violation des droits d&rsquo;auteur, nous vous prions de nous en informer. D\u00e8s la prise de connaissance d&rsquo;une violation de la loi, nous supprimerons imm\u00e9diatement les contenus concern\u00e9s.<\/p>\n\t\t\t\t\t\t\t\t<\/div>\n\t\t\t\t<\/div>\n\t\t\t\t\t<\/div>\n\t\t<\/div>\n\t\t\t\t\t<\/div>\n\t\t<\/section>\n\t\t\t\t<\/div>\n\t\t","protected":false},"excerpt":{"rendered":"<p>Contact farmermobil GmbH Zum Hagenbach 5 48366 Laer Allemange +49 2554-9168-0 +49 2554-9168-20 info[at]farmermobil.de Plus de d\u00e9tails Directeur g\u00e9n\u00e9ral : J\u00f6rn Osterkamp Tribunal d&rsquo;enregistrement : Tribunal d&rsquo;instance de SteinfurtNum\u00e9ro d&rsquo;enregistrement : HRB 10463 Num\u00e9ro de TVA : DE295366106 Responsable du contenu selon le \u00a7 55 al. 2 RStV : J\u00f6rn OsterkampZum Hagenbach 548366 Laer Nous [&hellip;]<\/p>\n","protected":false},"author":7,"featured_media":0,"parent":0,"menu_order":0,"comment_status":"closed","ping_status":"closed","template":"","meta":{"_acf_changed":false,"content-type":"","footnotes":""},"class_list":["post-7152","page","type-page","status-publish","hentry"],"acf":[],"yoast_head":"<!-- This site is optimized with the Yoast SEO Premium plugin v26.3 (Yoast SEO v26.3) - https:\/\/yoast.com\/wordpress\/plugins\/seo\/ -->\n<title>Mentions l\u00e9gales - farmermobil GmbH<\/title>\n<meta name=\"robots\" content=\"noindex, nofollow\" \/>\n<meta property=\"og:locale\" content=\"fr_FR\" \/>\n<meta property=\"og:type\" content=\"article\" \/>\n<meta property=\"og:title\" content=\"Mentions l\u00e9gales\" \/>\n<meta property=\"og:description\" content=\"Contact farmermobil GmbH Zum Hagenbach 5 48366 Laer Allemange +49 2554-9168-0 +49 2554-9168-20 info[at]farmermobil.de Plus de d\u00e9tails Directeur g\u00e9n\u00e9ral : J\u00f6rn Osterkamp Tribunal d&rsquo;enregistrement : Tribunal d&rsquo;instance de SteinfurtNum\u00e9ro d&rsquo;enregistrement : HRB 10463 Num\u00e9ro de TVA : DE295366106 Responsable du contenu selon le \u00a7 55 al. 2 RStV : J\u00f6rn OsterkampZum Hagenbach 548366 Laer Nous [&hellip;]\" \/>\n<meta property=\"og:url\" content=\"https:\/\/farmermobil.com\/fr\/mentions-legales\/\" \/>\n<meta property=\"og:site_name\" content=\"farmermobil GmbH\" \/>\n<meta property=\"article:publisher\" content=\"https:\/\/facebook.com\/farmermobil\" \/>\n<meta property=\"article:modified_time\" content=\"2025-11-25T09:14:24+00:00\" \/>\n<meta property=\"og:image\" content=\"https:\/\/farmermobil.com\/wp-content\/uploads\/2023\/01\/farmermobil-standort-laer-pylon-1.jpeg\" \/>\n\t<meta property=\"og:image:width\" content=\"2000\" \/>\n\t<meta property=\"og:image:height\" content=\"1334\" \/>\n\t<meta property=\"og:image:type\" content=\"image\/jpeg\" \/>\n<meta name=\"twitter:card\" content=\"summary_large_image\" \/>\n<meta name=\"twitter:label1\" content=\"Dur\u00e9e de lecture estim\u00e9e\" \/>\n\t<meta name=\"twitter:data1\" content=\"3 minutes\" \/>\n<script type=\"application\/ld+json\" class=\"yoast-schema-graph\">{\"@context\":\"https:\/\/schema.org\",\"@graph\":[{\"@type\":\"WebPage\",\"@id\":\"https:\/\/farmermobil.com\/fr\/mentions-legales\/\",\"url\":\"https:\/\/farmermobil.com\/fr\/mentions-legales\/\",\"name\":\"Mentions l\u00e9gales - farmermobil GmbH\",\"isPartOf\":{\"@id\":\"https:\/\/farmermobil.com\/#website\"},\"datePublished\":\"2023-01-04T08:00:24+00:00\",\"dateModified\":\"2025-11-25T09:14:24+00:00\",\"breadcrumb\":{\"@id\":\"https:\/\/farmermobil.com\/fr\/mentions-legales\/#breadcrumb\"},\"inLanguage\":\"fr-FR\",\"potentialAction\":[{\"@type\":\"ReadAction\",\"target\":[\"https:\/\/farmermobil.com\/fr\/mentions-legales\/\"]}]},{\"@type\":\"BreadcrumbList\",\"@id\":\"https:\/\/farmermobil.com\/fr\/mentions-legales\/#breadcrumb\",\"itemListElement\":[{\"@type\":\"ListItem\",\"position\":1,\"name\":\"Startseite\",\"item\":\"https:\/\/farmermobil.com\/\"},{\"@type\":\"ListItem\",\"position\":2,\"name\":\"Mentions l\u00e9gales\"}]},{\"@type\":\"WebSite\",\"@id\":\"https:\/\/farmermobil.com\/#website\",\"url\":\"https:\/\/farmermobil.com\/\",\"name\":\"farmermobil GmbH\",\"description\":\"farmermobil DER Mobilstall\",\"publisher\":{\"@id\":\"https:\/\/farmermobil.com\/#organization\"},\"alternateName\":\"Mobilstall\",\"potentialAction\":[{\"@type\":\"SearchAction\",\"target\":{\"@type\":\"EntryPoint\",\"urlTemplate\":\"https:\/\/farmermobil.com\/?s={search_term_string}\"},\"query-input\":{\"@type\":\"PropertyValueSpecification\",\"valueRequired\":true,\"valueName\":\"search_term_string\"}}],\"inLanguage\":\"fr-FR\"},{\"@type\":\"Organization\",\"@id\":\"https:\/\/farmermobil.com\/#organization\",\"name\":\"farmermobil GmbH\",\"url\":\"https:\/\/farmermobil.com\/\",\"logo\":{\"@type\":\"ImageObject\",\"inLanguage\":\"fr-FR\",\"@id\":\"https:\/\/farmermobil.com\/#\/schema\/logo\/image\/\",\"url\":\"https:\/\/farmermobil.com\/wp-content\/uploads\/2023\/05\/farmermobil-knallrot-ohne-huhn-ubereinander-1-e1683558691453.png\",\"contentUrl\":\"https:\/\/farmermobil.com\/wp-content\/uploads\/2023\/05\/farmermobil-knallrot-ohne-huhn-ubereinander-1-e1683558691453.png\",\"width\":696,\"height\":696,\"caption\":\"farmermobil GmbH\"},\"image\":{\"@id\":\"https:\/\/farmermobil.com\/#\/schema\/logo\/image\/\"},\"sameAs\":[\"https:\/\/facebook.com\/farmermobil\",\"https:\/\/instagram.com\/farmermobil\"]}]}<\/script>\n<!-- \/ Yoast SEO Premium plugin. -->","yoast_head_json":{"title":"Mentions l\u00e9gales - farmermobil GmbH","robots":{"index":"noindex","follow":"nofollow"},"og_locale":"fr_FR","og_type":"article","og_title":"Mentions l\u00e9gales","og_description":"Contact farmermobil GmbH Zum Hagenbach 5 48366 Laer Allemange +49 2554-9168-0 +49 2554-9168-20 info[at]farmermobil.de Plus de d\u00e9tails Directeur g\u00e9n\u00e9ral : J\u00f6rn Osterkamp Tribunal d&rsquo;enregistrement : Tribunal d&rsquo;instance de SteinfurtNum\u00e9ro d&rsquo;enregistrement : HRB 10463 Num\u00e9ro de TVA : DE295366106 Responsable du contenu selon le \u00a7 55 al. 2 RStV : J\u00f6rn OsterkampZum Hagenbach 548366 Laer Nous [&hellip;]","og_url":"https:\/\/farmermobil.com\/fr\/mentions-legales\/","og_site_name":"farmermobil GmbH","article_publisher":"https:\/\/facebook.com\/farmermobil","article_modified_time":"2025-11-25T09:14:24+00:00","og_image":[{"width":2000,"height":1334,"url":"https:\/\/farmermobil.com\/wp-content\/uploads\/2023\/01\/farmermobil-standort-laer-pylon-1.jpeg","type":"image\/jpeg"}],"twitter_card":"summary_large_image","twitter_misc":{"Dur\u00e9e de lecture estim\u00e9e":"3 minutes"},"schema":{"@context":"https:\/\/schema.org","@graph":[{"@type":"WebPage","@id":"https:\/\/farmermobil.com\/fr\/mentions-legales\/","url":"https:\/\/farmermobil.com\/fr\/mentions-legales\/","name":"Mentions l\u00e9gales - farmermobil GmbH","isPartOf":{"@id":"https:\/\/farmermobil.com\/#website"},"datePublished":"2023-01-04T08:00:24+00:00","dateModified":"2025-11-25T09:14:24+00:00","breadcrumb":{"@id":"https:\/\/farmermobil.com\/fr\/mentions-legales\/#breadcrumb"},"inLanguage":"fr-FR","potentialAction":[{"@type":"ReadAction","target":["https:\/\/farmermobil.com\/fr\/mentions-legales\/"]}]},{"@type":"BreadcrumbList","@id":"https:\/\/farmermobil.com\/fr\/mentions-legales\/#breadcrumb","itemListElement":[{"@type":"ListItem","position":1,"name":"Startseite","item":"https:\/\/farmermobil.com\/"},{"@type":"ListItem","position":2,"name":"Mentions l\u00e9gales"}]},{"@type":"WebSite","@id":"https:\/\/farmermobil.com\/#website","url":"https:\/\/farmermobil.com\/","name":"farmermobil GmbH","description":"farmermobil DER Mobilstall","publisher":{"@id":"https:\/\/farmermobil.com\/#organization"},"alternateName":"Mobilstall","potentialAction":[{"@type":"SearchAction","target":{"@type":"EntryPoint","urlTemplate":"https:\/\/farmermobil.com\/?s={search_term_string}"},"query-input":{"@type":"PropertyValueSpecification","valueRequired":true,"valueName":"search_term_string"}}],"inLanguage":"fr-FR"},{"@type":"Organization","@id":"https:\/\/farmermobil.com\/#organization","name":"farmermobil GmbH","url":"https:\/\/farmermobil.com\/","logo":{"@type":"ImageObject","inLanguage":"fr-FR","@id":"https:\/\/farmermobil.com\/#\/schema\/logo\/image\/","url":"https:\/\/farmermobil.com\/wp-content\/uploads\/2023\/05\/farmermobil-knallrot-ohne-huhn-ubereinander-1-e1683558691453.png","contentUrl":"https:\/\/farmermobil.com\/wp-content\/uploads\/2023\/05\/farmermobil-knallrot-ohne-huhn-ubereinander-1-e1683558691453.png","width":696,"height":696,"caption":"farmermobil GmbH"},"image":{"@id":"https:\/\/farmermobil.com\/#\/schema\/logo\/image\/"},"sameAs":["https:\/\/facebook.com\/farmermobil","https:\/\/instagram.com\/farmermobil"]}]}},"_links":{"self":[{"href":"https:\/\/farmermobil.com\/fr\/wp-json\/wp\/v2\/pages\/7152","targetHints":{"allow":["GET"]}}],"collection":[{"href":"https:\/\/farmermobil.com\/fr\/wp-json\/wp\/v2\/pages"}],"about":[{"href":"https:\/\/farmermobil.com\/fr\/wp-json\/wp\/v2\/types\/page"}],"author":[{"embeddable":true,"href":"https:\/\/farmermobil.com\/fr\/wp-json\/wp\/v2\/users\/7"}],"replies":[{"embeddable":true,"href":"https:\/\/farmermobil.com\/fr\/wp-json\/wp\/v2\/comments?post=7152"}],"version-history":[{"count":15,"href":"https:\/\/farmermobil.com\/fr\/wp-json\/wp\/v2\/pages\/7152\/revisions"}],"predecessor-version":[{"id":20013,"href":"https:\/\/farmermobil.com\/fr\/wp-json\/wp\/v2\/pages\/7152\/revisions\/20013"}],"wp:attachment":[{"href":"https:\/\/farmermobil.com\/fr\/wp-json\/wp\/v2\/media?parent=7152"}],"curies":[{"name":"wp","href":"https:\/\/api.w.org\/{rel}","templated":true}]}}